{"id":10878,"date":"2024-05-22T09:30:39","date_gmt":"2024-05-22T07:30:39","guid":{"rendered":"https:\/\/prewp.web.abaigroup.cloud\/?page_id=10878"},"modified":"2024-06-12T14:45:31","modified_gmt":"2024-06-12T12:45:31","slug":"politique-de-gestion-des-contacts","status":"publish","type":"page","link":"https:\/\/www.abaigroup.com\/fr\/politique-de-gestion-des-contacts\/","title":{"rendered":"Politique de gestion des contacts"},"content":{"rendered":"[vc_row type=\u00a0\u00bbin_container\u00a0\u00bb full_screen_row_position=\u00a0\u00bbmiddle\u00a0\u00bb column_margin=\u00a0\u00bbdefault\u00a0\u00bb column_direction=\u00a0\u00bbdefault\u00a0\u00bb column_direction_tablet=\u00a0\u00bbdefault\u00a0\u00bb column_direction_phone=\u00a0\u00bbdefault\u00a0\u00bb scene_position=\u00a0\u00bbcenter\u00a0\u00bb top_padding=\u00a0\u00bb100px\u00a0\u00bb bottom_padding=\u00a0\u00bb80px\u00a0\u00bb text_color=\u00a0\u00bbdark\u00a0\u00bb text_align=\u00a0\u00bbleft\u00a0\u00bb row_border_radius=\u00a0\u00bbnone\u00a0\u00bb row_border_radius_applies=\u00a0\u00bbbg\u00a0\u00bb overflow=\u00a0\u00bbvisible\u00a0\u00bb class=\u00a0\u00bbtexto-legal\u00a0\u00bb overlay_strength=\u00a0\u00bb0.3&Prime; gradient_direction=\u00a0\u00bbleft_to_right\u00a0\u00bb shape_divider_position=\u00a0\u00bbbottom\u00a0\u00bb bg_image_animation=\u00a0\u00bbnone\u00a0\u00bb gradient_type=\u00a0\u00bbdefault\u00a0\u00bb shape_type=\u00a0\u00bb\u00a0\u00bb][vc_column column_padding=\u00a0\u00bbno-extra-padding\u00a0\u00bb column_padding_tablet=\u00a0\u00bbinherit\u00a0\u00bb column_padding_phone=\u00a0\u00bbinherit\u00a0\u00bb column_padding_position=\u00a0\u00bball\u00a0\u00bb column_element_direction_desktop=\u00a0\u00bbdefault\u00a0\u00bb column_element_spacing=\u00a0\u00bbdefault\u00a0\u00bb desktop_text_alignment=\u00a0\u00bbdefault\u00a0\u00bb tablet_text_alignment=\u00a0\u00bbdefault\u00a0\u00bb phone_text_alignment=\u00a0\u00bbdefault\u00a0\u00bb sticky_content=\u00a0\u00bbtrue\u00a0\u00bb sticky_content_functionality=\u00a0\u00bbjs\u00a0\u00bb background_color_opacity=\u00a0\u00bb1&Prime; background_hover_color_opacity=\u00a0\u00bb1&Prime; column_backdrop_filter=\u00a0\u00bbnone\u00a0\u00bb column_shadow=\u00a0\u00bbnone\u00a0\u00bb column_border_radius=\u00a0\u00bbnone\u00a0\u00bb column_link_target=\u00a0\u00bb_self\u00a0\u00bb column_position=\u00a0\u00bbdefault\u00a0\u00bb gradient_direction=\u00a0\u00bbleft_to_right\u00a0\u00bb overlay_strength=\u00a0\u00bb0.3&Prime; width=\u00a0\u00bb3\/4&Prime; tablet_width_inherit=\u00a0\u00bbdefault\u00a0\u00bb animation_type=\u00a0\u00bbdefault\u00a0\u00bb enable_animation=\u00a0\u00bbtrue\u00a0\u00bb animation=\u00a0\u00bbfade-in-from-bottom\u00a0\u00bb animation_easing=\u00a0\u00bbdefault\u00a0\u00bb bg_image_animation=\u00a0\u00bbnone\u00a0\u00bb border_type=\u00a0\u00bbsimple\u00a0\u00bb column_border_width=\u00a0\u00bbnone\u00a0\u00bb column_border_style=\u00a0\u00bbsolid\u00a0\u00bb column_padding_type=\u00a0\u00bbdefault\u00a0\u00bb gradient_type=\u00a0\u00bbdefault\u00a0\u00bb][nectar_responsive_text font_size_desktop=\u00a0\u00bb32px\u00a0\u00bb font_line_height=\u00a0\u00bb40px\u00a0\u00bb text_direction=\u00a0\u00bbdefault\u00a0\u00bb]\n<h3 style=\"color: #00457c; text-align: left;\">POLITIQUE DE GESTION DES CONTACTS<\/h3>\n[\/nectar_responsive_text][nectar_responsive_text text_color=\u00a0\u00bb#a0a0a0&Prime; font_size_phone=\u00a0\u00bb18px\u00a0\u00bb font_line_height=\u00a0\u00bb1.3&Prime; text_direction=\u00a0\u00bbdefault\u00a0\u00bb]Conform\u00e9ment aux dispositions du R\u00e8glement (UE) 2016\/679 du Parlement europ\u00e9en et du Conseil du 27 avril 2016 relatif \u00e0 la protection des personnes physiques quant au traitement des donn\u00e9es \u00e0 caract\u00e8re personnel et \u00e0 la libre circulation de ces donn\u00e9es (RGPD), et de la Loi organique 3\/2018, du 5 d\u00e9cembre, relative \u00e0 la protection des donn\u00e9es \u00e0 caract\u00e8re personnel et \u00e0 la garantie des droits num\u00e9riques, nous vous informons qu&rsquo;ABAI BUSSINES SOLUTIONS S.A.U. traite les donn\u00e9es personnelles figurant dans le formulaire de contact en tant que responsable du traitement.<\/p>\n<p>Les donn\u00e9es collect\u00e9es sont int\u00e9gr\u00e9es \u00e0 un fichier automatis\u00e9 dont la finalit\u00e9 est le d\u00e9veloppement et la gestion des activit\u00e9s de r\u00e9ponse et de maintenance des demandes de contact avec ABAI via son site WEB.<\/p>\n<p>Le traitement de vos donn\u00e9es est d\u00e9termin\u00e9 par l&rsquo;int\u00e9r\u00eat l\u00e9gitime pour le d\u00e9veloppement et la gestion des activit\u00e9s de r\u00e9ponse et de maintenance des demandes de contact avec vous via le site web d&rsquo;ABAI.<\/p>\n<p>Les donn\u00e9es fournies peuvent \u00eatre c\u00e9d\u00e9es ou, le cas \u00e9ch\u00e9ant, interconnect\u00e9es, \u00e0 des tiers faisant partie du groupe d&rsquo;entreprises d&rsquo;ABAI, afin qu&rsquo;ils puissent les utiliser aux m\u00eames fins que celles d\u00e9crites ci-dessus.<\/p>\n<p>Vos donn\u00e9es personnelles sont conserv\u00e9es aussi longtemps qu&rsquo;il existe un int\u00e9r\u00eat mutuel \u00e0 maintenir la relation d\u00e9crite ou un an apr\u00e8s le contact \u00e9tabli par vous et aussi longtemps que vous n&rsquo;exercez pas vos droits de suppression, de limitation ou d&rsquo;opposition au traitement de vos donn\u00e9es.<\/p>\n<p>Vous pouvez les exercez par le biais des canaux suivants, en identifiant dans votre demande la r\u00e9f\u00e9rence \u00ab\u00a0R\u00e9f. d\u00e9l\u00e9gu\u00e9 \u00e0 la protection des donn\u00e9es\u00a0\u00bb\u00a0:<\/p>\n<ul>\n<li style=\"list-style-type: none;\">\n<ul>\n<li>Par \u00e9crit \u00e0 ABAI, \u00e0 l&rsquo;attention du d\u00e9l\u00e9gu\u00e9 \u00e0 la protection des donn\u00e9es, \u00e0 l&rsquo;adresse suivante\u00a0: calle V\u00eda de los Poblados 3. Edificio Cristalia, Play 4B, planta 5\u00aa. 28033 Madrid. Espa\u00f1a<\/li>\n<li>Par \u00e9crit \u00e0 ABAI \u00e0 l&rsquo;adresse \u00e9lectronique suivante\u00a0: dpd@abaigroup.com<\/li>\n<\/ul>\n<\/li>\n<\/ul>\n<p>La personne concern\u00e9e peut pr\u00e9senter une r\u00e9clamation aupr\u00e8s de l&rsquo;autorit\u00e9 nationale de contr\u00f4le, l&rsquo;Agence espagnole de protection des donn\u00e9es, notamment lorsque vous n&rsquo;\u00eates pas satisfait de l&rsquo;exercice de vos droits. Pour de plus amples informations, veuillez consulter le site web : https:\/\/www.agpd.es[\/nectar_responsive_text][\/vc_column][\/vc_row]\n","protected":false},"excerpt":{"rendered":"<p>[vc_row type=\u00a0\u00bbin_container\u00a0\u00bb full_screen_row_position=\u00a0\u00bbmiddle\u00a0\u00bb column_margin=\u00a0\u00bbdefault\u00a0\u00bb column_direction=\u00a0\u00bbdefault\u00a0\u00bb column_direction_tablet=\u00a0\u00bbdefault\u00a0\u00bb column_direction_phone=\u00a0\u00bbdefault\u00a0\u00bb scene_position=\u00a0\u00bbcenter\u00a0\u00bb top_padding=\u00a0\u00bb100px\u00a0\u00bb bottom_padding=\u00a0\u00bb80px\u00a0\u00bb text_color=\u00a0\u00bbdark\u00a0\u00bb text_align=\u00a0\u00bbleft\u00a0\u00bb row_border_radius=\u00a0\u00bbnone\u00a0\u00bb row_border_radius_applies=\u00a0\u00bbbg\u00a0\u00bb overflow=\u00a0\u00bbvisible\u00a0\u00bb class=\u00a0\u00bbtexto-legal\u00a0\u00bb overlay_strength=\u00a0\u00bb0.3&Prime; gradient_direction=\u00a0\u00bbleft_to_right\u00a0\u00bb shape_divider_position=\u00a0\u00bbbottom\u00a0\u00bb bg_image_animation=\u00a0\u00bbnone\u00a0\u00bb gradient_type=\u00a0\u00bbdefault\u00a0\u00bb shape_type=\u00a0\u00bb\u00a0\u00bb][vc_column column_padding=\u00a0\u00bbno-extra-padding\u00a0\u00bb column_padding_tablet=\u00a0\u00bbinherit\u00a0\u00bb column_padding_phone=\u00a0\u00bbinherit\u00a0\u00bb column_padding_position=\u00a0\u00bball\u00a0\u00bb column_element_direction_desktop=\u00a0\u00bbdefault\u00a0\u00bb column_element_spacing=\u00a0\u00bbdefault\u00a0\u00bb desktop_text_alignment=\u00a0\u00bbdefault\u00a0\u00bb tablet_text_alignment=\u00a0\u00bbdefault\u00a0\u00bb&#8230;<\/p>\n","protected":false},"author":3,"featured_media":0,"parent":0,"menu_order":0,"comment_status":"closed","ping_status":"closed","template":"","meta":{"_acf_changed":false,"inline_featured_image":false,"footnotes":""},"class_list":["post-10878","page","type-page","status-publish"],"acf":[],"_links":{"self":[{"href":"https:\/\/www.abaigroup.com\/fr\/wp-json\/wp\/v2\/pages\/10878","targetHints":{"allow":["GET"]}}],"collection":[{"href":"https:\/\/www.abaigroup.com\/fr\/wp-json\/wp\/v2\/pages"}],"about":[{"href":"https:\/\/www.abaigroup.com\/fr\/wp-json\/wp\/v2\/types\/page"}],"author":[{"embeddable":true,"href":"https:\/\/www.abaigroup.com\/fr\/wp-json\/wp\/v2\/users\/3"}],"replies":[{"embeddable":true,"href":"https:\/\/www.abaigroup.com\/fr\/wp-json\/wp\/v2\/comments?post=10878"}],"version-history":[{"count":3,"href":"https:\/\/www.abaigroup.com\/fr\/wp-json\/wp\/v2\/pages\/10878\/revisions"}],"predecessor-version":[{"id":11652,"href":"https:\/\/www.abaigroup.com\/fr\/wp-json\/wp\/v2\/pages\/10878\/revisions\/11652"}],"wp:attachment":[{"href":"https:\/\/www.abaigroup.com\/fr\/wp-json\/wp\/v2\/media?parent=10878"}],"curies":[{"name":"wp","href":"https:\/\/api.w.org\/{rel}","templated":true}]}}